{"id":2614,"date":"2024-04-03T17:33:21","date_gmt":"2024-04-03T16:33:21","guid":{"rendered":"http:\/\/www.conservatoriolucena.es\/?page_id=2614"},"modified":"2024-04-03T19:34:14","modified_gmt":"2024-04-03T18:34:14","slug":"7a-semana-musical-abril-de-2024","status":"publish","type":"page","link":"https:\/\/www.conservatoriolucena.es\/?page_id=2614","title":{"rendered":"7\u00aa SEMANA MUSICAL &#8211; ABRIL DE  2024"},"content":{"rendered":"<h1>7\u00aa SEMANA MUSICAL<\/h1>\n<div>\n<p style=\"text-align: justify;\">Un a\u00f1o m\u00e1s nuestro conservatorio celebra su &#8220;Semana Musical&#8221;. Cinco d\u00edas intensos para compartir y aprender de forma diferente mediante juegos, conferencias, cursos, encuentros, talleres&#8230; Queremos agradecer la implicaci\u00f3n de todo el claustro, as\u00ed como de los invitados que nos acompa\u00f1ar\u00e1n para ofrecernos su saber y su visi\u00f3n de la m\u00fasica. Sin duda es la semana m\u00e1s especial del conservatorio. Aqu\u00ed puedes consultar y descargar el programa completo de actividades. \u00a1Que aproveche!<\/p>\n<\/div>\n<div>\n<div>\n<p>Visor de actividades\u00a0<\/p>\n<\/div>\n<\/div>\n<ul>\n<li>\n<p>        <img decoding=\"async\" src=\"\/wp-content\/uploads\/LUNES15.png\" alt=\"LUNES 15\"><\/p>\n<h3>LUNES 15<\/h3>\n<\/li>\n<li>\n<p>        <img decoding=\"async\" src=\"\/wp-content\/uploads\/MARTES16.png\" alt=\"MARTES 16\"><\/p>\n<h3>MARTES 16<\/h3>\n<\/li>\n<li>\n<p>        <img decoding=\"async\" src=\"\/wp-content\/uploads\/MIERCOLES17.png\" alt=\"MI\u00c9RCOLES 17\"><\/p>\n<h3>MI\u00c9RCOLES 17<\/h3>\n<\/li>\n<li>\n<p>        <img decoding=\"async\" src=\"\/wp-content\/uploads\/JUEVES18.png\" alt=\"JUEVES 18\"><\/p>\n<h3>JUEVES 18<\/h3>\n<\/li>\n<li>\n<p>        <img decoding=\"async\" src=\"\/wp-content\/uploads\/VIERNES19.png\" alt=\"VIERNES 19\"><\/p>\n<h3>VIERNES 19<\/h3>\n<\/li>\n<\/ul>\n<div>\n<div>\n<p>Descarga aqu\u00ed las actividades en PDF<\/p>\n<\/div>\n<\/div>\n<ul>\n<li>\n        <a href=\"\/wp-content\/uploads\/VII-SEMANA-MUSICAL-MAPA-L-V.Pastel.pdf\">Horario general de actividades<\/a>\n    <\/li>\n<li>\n        <a href=\"\/wp-content\/uploads\/VII-Semana-Muscial-Espacios.pdf\">Actividades por lugar de celebraci\u00f3n<\/a>\n    <\/li>\n<li>\n        <a href=\"\/wp-content\/uploads\/RESUMEN-POR-DEPARTAMENTOS.pdf\">Actividades por departamentos<\/a>\n    <\/li>\n<\/ul>\n<ul>\n<li>\n<p>        <img decoding=\"async\" src=\"\/wp-content\/uploads\/SEMAN-MUSICAL-2024-v2_CONCIERTOS-scaled.jpg\" alt=\"LUNES 15\"><\/p>\n<h3>CONCIERTOS<\/h3>\n<\/li>\n<li>\n<p>        <img decoding=\"async\" src=\"\/wp-content\/uploads\/Captura-de-pantalla-2024-04-03-a-las-19.03.49.png\" alt=\"CURSO FLAUTA\"><\/p>\n<h3>CURSO FLAUTA<\/h3>\n<\/li>\n<li>\n<p>        <img decoding=\"async\" src=\"\/wp-content\/uploads\/Curso_2024-trombon-scaled.jpg\" alt=\"CURSO TROMB\u00d3N\"><\/p>\n<h3>CURSO TROMB\u00d3N<\/h3>\n<\/li>\n<li>\n<p>        <img decoding=\"async\" src=\"\/wp-content\/uploads\/Curso-Piano_2024-Patricia_Arauzo-scaled.jpg\" alt=\"CURSO PIANO\"><\/p>\n<h3>CURSO PIANO<\/h3>\n<\/li>\n<li>\n<p>        <img decoding=\"async\" src=\"\/wp-content\/uploads\/Curso_2024-trompeta-scaled.jpg\" alt=\"CURSO TROMPETA\"><\/p>\n<h3>CURSO TROMPETA<\/h3>\n<\/li>\n<\/ul>\n<p><img decoding=\"async\" src=\"\/wp-content\/uploads\/SEMAN-MUSICAL-2024-v2-web-scaled.jpg\" alt=\"\"><\/p>\n<p><!--more--><br \/>\n<!-- {\"type\":\"layout\",\"children\":[{\"type\":\"section\",\"props\":{\"image_position\":\"center-center\",\"style\":\"default\",\"title_breakpoint\":\"xl\",\"title_position\":\"top-left\",\"title_rotation\":\"left\",\"vertical_align\":\"middle\",\"width\":\"default\"},\"children\":[{\"type\":\"row\",\"children\":[{\"type\":\"column\",\"props\":{\"image_position\":\"center-center\",\"position_sticky_breakpoint\":\"m\"},\"children\":[{\"name\":\"Headline Color Background\",\"type\":\"headline\",\"props\":{\"content\":\"7\\u00aa SEMANA MUSICAL\",\"title_color\":\"background\",\"title_element\":\"h1\"}},{\"name\":\"Text Style Lead\",\"type\":\"text\",\"props\":{\"column_breakpoint\":\"m\",\"content\":\"\n\n<p style=\\\"text-align: justify;\\\">Un a\\u00f1o m\\u00e1s nuestro conservatorio celebra su \\\"Semana Musical\\\". Cinco d\\u00edas intensos para compartir y aprender de forma diferente mediante juegos, conferencias, cursos, encuentros, talleres... Queremos agradecer la implicaci\\u00f3n de todo el claustro, as\\u00ed como de los invitados que nos acompa\\u00f1ar\\u00e1n para ofrecernos su saber y su visi\\u00f3n de la m\\u00fasica. Sin duda es la semana m\\u00e1s especial del conservatorio. Aqu\\u00ed puedes consultar y descargar el programa completo de actividades. \\u00a1Que aproveche!<\\\/p>\",\"margin\":\"default\",\"text_style\":\"large\"}}]}]},{\"type\":\"row\",\"children\":[{\"type\":\"column\",\"props\":{\"image_position\":\"center-center\",\"position_sticky_breakpoint\":\"m\",\"width_medium\":\"3-4\"},\"children\":[{\"name\":\"Alert Style Primary\",\"type\":\"alert\",\"props\":{\"alert_size\":false,\"alert_style\":\"primary\",\"content\":\"\n\n<p>Visor de actividades\\u00a0<\\\/p>\",\"content_margin\":\"remove\",\"title\":\"\",\"title_element\":\"h3\",\"title_inline\":false}},{\"name\":\"Gallery Lightbox\",\"type\":\"gallery\",\"children\":[{\"type\":\"gallery_item\",\"props\":{\"hover_image\":\"\",\"image\":\"wp-content\\\/uploads\\\/LUNES15.png\",\"image_alt\":\"LUNES 15\",\"title\":\"LUNES 15\"}},{\"type\":\"gallery_item\",\"props\":{\"hover_image\":\"\",\"image\":\"wp-content\\\/uploads\\\/MARTES16.png\",\"image_alt\":\"MARTES 16\",\"title\":\"MARTES 16\"}},{\"type\":\"gallery_item\",\"props\":{\"hover_image\":\"\",\"image\":\"wp-content\\\/uploads\\\/MIERCOLES17.png\",\"image_alt\":\"MI\\u00c9RCOLES 17\",\"title\":\"MI\\u00c9RCOLES 17\"}},{\"type\":\"gallery_item\",\"props\":{\"hover_image\":\"\",\"image\":\"wp-content\\\/uploads\\\/JUEVES18.png\",\"image_alt\":\"JUEVES 18\",\"title\":\"JUEVES 18\"}},{\"type\":\"gallery_item\",\"props\":{\"hover_image\":\"\",\"image\":\"wp-content\\\/uploads\\\/VIERNES19.png\",\"image_alt\":\"VIERNES 19\",\"title\":\"VIERNES 19\"}}],\"props\":{\"filter_align\":\"left\",\"filter_all\":true,\"filter_grid_breakpoint\":\"m\",\"filter_grid_width\":\"auto\",\"filter_position\":\"top\",\"filter_style\":\"tab\",\"grid_column_gap\":\"small\",\"grid_default\":\"1\",\"grid_medium\":\"\",\"grid_row_gap\":\"small\",\"grid_small\":\"5\",\"image_width\":\"610\",\"item_animation\":true,\"lightbox\":true,\"lightbox_image_height\":\"900\",\"link_style\":\"\",\"link_text\":\"Ampliar imagen\",\"margin\":\"default\",\"meta_align\":\"below-title\",\"meta_element\":\"div\",\"meta_style\":\"text-meta\",\"overlay_hover\":true,\"overlay_link\":true,\"overlay_mode\":\"cover\",\"overlay_position\":\"center\",\"overlay_style\":\"overlay-default\",\"overlay_transition\":\"fade\",\"parallax_easing\":\"1\",\"show_content\":true,\"show_hover_image\":true,\"show_link\":true,\"show_meta\":true,\"show_title\":true,\"text_align\":\"center\",\"text_color\":\"\",\"title_element\":\"h3\",\"title_hover_style\":\"reset\"}},{\"name\":\"Alert Style Primary\",\"type\":\"alert\",\"props\":{\"alert_size\":false,\"alert_style\":\"primary\",\"content\":\"\n\n<p>Descarga aqu\\u00ed las actividades en PDF<\\\/p>\",\"content_margin\":\"remove\",\"title\":\"\",\"title_element\":\"h3\",\"title_inline\":false}},{\"name\":\"Button Style Primary\",\"type\":\"button\",\"children\":[{\"type\":\"button_item\",\"props\":{\"button_style\":\"primary\",\"content\":\"Horario general de actividades\",\"icon_align\":\"left\",\"link\":\"wp-content\\\/uploads\\\/VII-SEMANA-MUSICAL-MAPA-L-V.Pastel.pdf\"}},{\"type\":\"button_item\",\"props\":{\"button_style\":\"primary\",\"content\":\"Actividades por lugar de celebraci\\u00f3n\",\"icon_align\":\"left\",\"link\":\"wp-content\\\/uploads\\\/VII-Semana-Muscial-Espacios.pdf\"}},{\"type\":\"button_item\",\"props\":{\"button_style\":\"primary\",\"content\":\"Actividades por departamentos\",\"icon_align\":\"left\",\"link\":\"wp-content\\\/uploads\\\/RESUMEN-POR-DEPARTAMENTOS.pdf\"}}],\"props\":{\"button_size\":\"small\",\"fullwidth\":false,\"grid_column_gap\":\"small\",\"grid_row_gap\":\"small\",\"margin\":\"default\",\"margin_remove_top\":false,\"text_align\":\"center\"}},{\"name\":\"Gallery Lightbox\",\"type\":\"gallery\",\"children\":[{\"type\":\"gallery_item\",\"props\":{\"hover_image\":\"\",\"image\":\"wp-content\\\/uploads\\\/SEMAN-MUSICAL-2024-v2_CONCIERTOS-scaled.jpg\",\"image_alt\":\"LUNES 15\",\"title\":\"CONCIERTOS\"}},{\"type\":\"gallery_item\",\"props\":{\"hover_image\":\"\",\"image\":\"wp-content\\\/uploads\\\/Captura-de-pantalla-2024-04-03-a-las-19.03.49.png\",\"image_alt\":\"CURSO FLAUTA\",\"title\":\"CURSO FLAUTA\"}},{\"type\":\"gallery_item\",\"props\":{\"hover_image\":\"\",\"image\":\"wp-content\\\/uploads\\\/Curso_2024-trombon-scaled.jpg\",\"image_alt\":\"CURSO TROMB\\u00d3N\",\"title\":\"CURSO TROMB\\u00d3N\"}},{\"type\":\"gallery_item\",\"props\":{\"hover_image\":\"\",\"image\":\"wp-content\\\/uploads\\\/Curso-Piano_2024-Patricia_Arauzo-scaled.jpg\",\"image_alt\":\"CURSO PIANO\",\"title\":\"CURSO PIANO\"}},{\"type\":\"gallery_item\",\"props\":{\"hover_image\":\"\",\"image\":\"wp-content\\\/uploads\\\/Curso_2024-trompeta-scaled.jpg\",\"image_alt\":\"CURSO TROMPETA\",\"title\":\"CURSO TROMPETA\"}}],\"props\":{\"filter_align\":\"left\",\"filter_all\":true,\"filter_grid_breakpoint\":\"m\",\"filter_grid_width\":\"auto\",\"filter_position\":\"top\",\"filter_style\":\"tab\",\"grid_column_gap\":\"collapse\",\"grid_default\":\"1\",\"grid_masonry\":false,\"grid_medium\":\"\",\"grid_row_gap\":\"small\",\"grid_small\":\"5\",\"image_width\":\"610\",\"item_animation\":true,\"lightbox\":true,\"lightbox_image_height\":\"900\",\"link_style\":\"\",\"link_text\":\"Ampliar imagen\",\"margin\":\"default\",\"meta_align\":\"below-title\",\"meta_element\":\"div\",\"meta_style\":\"text-meta\",\"overlay_hover\":true,\"overlay_link\":true,\"overlay_mode\":\"cover\",\"overlay_position\":\"center\",\"overlay_style\":\"overlay-default\",\"overlay_transition\":\"fade\",\"parallax_easing\":\"1\",\"show_content\":true,\"show_hover_image\":true,\"show_link\":true,\"show_meta\":true,\"show_title\":true,\"text_align\":\"center\",\"text_color\":\"\",\"title_element\":\"h3\",\"title_hover_style\":\"reset\"}}]},{\"type\":\"column\",\"props\":{\"image_position\":\"center-center\",\"position_sticky_breakpoint\":\"m\",\"width_medium\":\"1-4\"},\"children\":[{\"type\":\"image\",\"props\":{\"image\":\"wp-content\\\/uploads\\\/SEMAN-MUSICAL-2024-v2-web-scaled.jpg\",\"image_svg_color\":\"emphasis\",\"margin\":\"default\"}}]}],\"props\":{\"layout\":\"3-4,1-4\"}}]}],\"version\":\"4.0.11\"} --><\/p>\n","protected":false},"excerpt":{"rendered":"<p>7\u00aa SEMANA MUSICAL Un a\u00f1o m\u00e1s nuestro conservatorio celebra su &#8220;Semana Musical&#8221;. Cinco d\u00edas intensos para compartir y aprender de forma diferente mediante juegos, conferencias, cursos, encuentros, talleres&#8230; Queremos agradecer la implicaci\u00f3n de todo el claustro, as\u00ed como de los invitados que nos acompa\u00f1ar\u00e1n para ofrecernos su saber y su visi\u00f3n de la m\u00fasica. Sin [&hellip;]<\/p>\n","protected":false},"author":1,"featured_media":0,"parent":0,"menu_order":0,"comment_status":"closed","ping_status":"closed","template":"","meta":{"jetpack_post_was_ever_published":false,"footnotes":""},"class_list":["post-2614","page","type-page","status-publish","hentry"],"jetpack_sharing_enabled":true,"jetpack_shortlink":"https:\/\/wp.me\/PanE4f-Ga","jetpack-related-posts":[],"_links":{"self":[{"href":"https:\/\/www.conservatoriolucena.es\/index.php?rest_route=\/wp\/v2\/pages\/2614","targetHints":{"allow":["GET"]}}],"collection":[{"href":"https:\/\/www.conservatoriolucena.es\/index.php?rest_route=\/wp\/v2\/pages"}],"about":[{"href":"https:\/\/www.conservatoriolucena.es\/index.php?rest_route=\/wp\/v2\/types\/page"}],"author":[{"embeddable":true,"href":"https:\/\/www.conservatoriolucena.es\/index.php?rest_route=\/wp\/v2\/users\/1"}],"replies":[{"embeddable":true,"href":"https:\/\/www.conservatoriolucena.es\/index.php?rest_route=%2Fwp%2Fv2%2Fcomments&post=2614"}],"version-history":[{"count":13,"href":"https:\/\/www.conservatoriolucena.es\/index.php?rest_route=\/wp\/v2\/pages\/2614\/revisions"}],"predecessor-version":[{"id":2673,"href":"https:\/\/www.conservatoriolucena.es\/index.php?rest_route=\/wp\/v2\/pages\/2614\/revisions\/2673"}],"wp:attachment":[{"href":"https:\/\/www.conservatoriolucena.es\/index.php?rest_route=%2Fwp%2Fv2%2Fmedia&parent=2614"}],"curies":[{"name":"wp","href":"https:\/\/api.w.org\/{rel}","templated":true}]}}